{"id":398,"date":"2025-06-11T16:10:44","date_gmt":"2025-06-11T14:10:44","guid":{"rendered":"https:\/\/safrandenmarre.com\/contact\/?post_type=product&#038;p=398"},"modified":"2026-02-20T21:33:12","modified_gmt":"2026-02-20T20:33:12","slug":"gelules-safran-curcuma-bio-240-gelules-copie","status":"publish","type":"product","link":"https:\/\/safrandenmarre.com\/contact\/produit\/gelules-safran-curcuma-bio-240-gelules-copie\/","title":{"rendered":"G\u00e9lules Safran &#038; Curcuma BIO &#8211; 240 g\u00e9lules"},"content":{"rendered":"<p data-start=\"271\" data-end=\"461\">Offrez \u00e0 votre corps et \u00e0 votre esprit le meilleur de la nature avec nos g\u00e9lules <strong data-start=\"369\" data-end=\"389\">Safran &amp; Curcuma Bio<\/strong>.<\/p>\n<p data-start=\"772\" data-end=\"801\"><strong>Bienfaits principaux :<\/strong><\/p>\n<ul>\n<li><span class=\"OYPEnA font-feature-liga-off font-feature-clig-off font-feature-calt-off text-decoration-none text-strikethrough-none\">Antioxydant puissant : Prot\u00e8ge les cellules contre le stress oxydatif.<\/span><\/li>\n<li><span class=\"OYPEnA font-feature-liga-off font-feature-clig-off font-feature-calt-off text-decoration-none text-strikethrough-none\">Am\u00e9liore l&rsquo;humeur : Aide \u00e0 r\u00e9duire le stress et l&rsquo;anxi\u00e9t\u00e9.<\/span><\/li>\n<li><span class=\"OYPEnA font-feature-liga-off font-feature-clig-off font-feature-calt-off text-decoration-none text-strikethrough-none\">Soutient la m\u00e9moire : Contribue \u00e0 la sant\u00e9 cognitive et prot\u00e8ge contre le d\u00e9clin mental.<\/span><\/li>\n<li><span class=\"OYPEnA font-feature-liga-off font-feature-clig-off font-feature-calt-off text-decoration-none text-strikethrough-none\">Effet anti-inflammatoire : Aide \u00e0 soulager les inflammations chroniques, articulations.<\/span><\/li>\n<li>Soutien cognitif : Aide \u00e0 am\u00e9liorer la concentration et \u00e0 r\u00e9duire les troubles de l\u2019attention (TDAH)<\/li>\n<li><span class=\"OYPEnA font-feature-liga-off font-feature-clig-off font-feature-calt-off text-decoration-none text-strikethrough-none\">Aphrodisiaque naturel : Am\u00e9liore la libido et les performances sexuelles.<\/span><\/li>\n<li><span class=\"OYPEnA font-feature-liga-off font-feature-clig-off font-feature-calt-off text-decoration-none text-strikethrough-none\">Soutien digestif : Favorise une meilleure digestion et r\u00e9gule l&rsquo;app\u00e9tit.<\/span><\/li>\n<li><span class=\"OYPEnA font-feature-liga-off font-feature-clig-off font-feature-calt-off text-decoration-none text-strikethrough-none\">Sant\u00e9 cardiovasculaire : Am\u00e9liore la circulation sanguine et aide \u00e0 r\u00e9duire le cholest\u00e9rol.<\/span><\/li>\n<li><span class=\"OYPEnA font-feature-liga-off font-feature-clig-off font-feature-calt-off text-decoration-none text-strikethrough-none\">Bienfaits pour les yeux : Prot\u00e8ge la r\u00e9tine et soutient la vision.<\/span><\/li>\n<li><span class=\"OYPEnA font-feature-liga-off font-feature-clig-off font-feature-calt-off text-decoration-none text-strikethrough-none\">Propri\u00e9t\u00e9s anticanc\u00e9reuses : Contribue \u00e0 inhiber la croissance des cellules canc\u00e9reuses.<\/span><\/li>\n<li><span class=\"OYPEnA font-feature-liga-off font-feature-clig-off font-feature-calt-off text-decoration-none text-strikethrough-none\">R\u00e9gulation menstruelle : Aide \u00e0 r\u00e9guler les hormones et soulage les douleurs li\u00e9es aux r\u00e8gles.<\/span><\/li>\n<\/ul>\n<p><strong><span class=\"OYPEnA font-feature-liga-off font-feature-clig-off font-feature-calt-off text-decoration-none text-strikethrough-none\">Ingr\u00e9dients : <\/span><\/strong><span class=\"OYPEnA font-feature-liga-off font-feature-clig-off font-feature-calt-off text-decoration-none text-strikethrough-none\">G\u00e9lules d\u2019origine v\u00e9g\u00e9tale, stigmates de safran bio et curcuma bio.<\/span><\/p>\n<p><strong><span class=\"OYPEnA font-feature-liga-off font-feature-clig-off font-feature-calt-off text-decoration-none text-strikethrough-none\">Conseils d&rsquo;utilisation\u00a0 : <\/span><\/strong><span class=\"OYPEnA font-feature-liga-off font-feature-clig-off font-feature-calt-off text-decoration-none text-strikethrough-none\">Prendre 1 \u00e0 2 g\u00e9lules par jour, le matin \u00e0 jeun et\/ou le soir avant le coucher.<\/span><\/p>\n<p>1 g\u00e9lule contient 15mg de safran. La dose id\u00e9ale recommand\u00e9e est de 0,3mg de safran par jour. A noter que notre safran est entre 4 et 9 fois plus concentr\u00e9 en crocine que le safran pr\u00e9sent dans les compl\u00e9ments alimentaires du commerce.<\/p>\n<p class=\"cvGsUA direction-ltr align-justify para-style-body\"><strong><span class=\"OYPEnA font-feature-liga-off font-feature-clig-off font-feature-calt-off text-decoration-none text-strikethrough-none\">Pr\u00e9cautions d&#8217;emploi : <\/span><\/strong><span class=\"OYPEnA font-feature-liga-off font-feature-clig-off font-feature-calt-off text-decoration-none text-strikethrough-none\">Se conformer aux conseils d\u2019utilisation. Ne pas d\u00e9passer la dose journali\u00e8re indiqu\u00e9e. Tenir hors de port\u00e9e de jeunes enfants. Ne peut remplacer une alimentation habituelle et diversifi\u00e9e et un mode de vie sain. D\u00e9conseill\u00e9 aux femmes enceintes, aux enfants de moins de 6 ans et aux personnes sous antid\u00e9presseurs. Pour les femmes allaitantes, demander conseil \u00e0 un professionnel de sant\u00e9.<\/span><\/p>\n<p class=\"cvGsUA direction-ltr align-justify para-style-body\"><span class=\"OYPEnA font-feature-liga-off font-feature-clig-off font-feature-calt-off text-decoration-none text-strikethrough-none\">A conserver \u00e0 l\u2019abri de la lumi\u00e8re dans un endroit frais et sec.<\/span><\/p>\n<p data-start=\"994\" data-end=\"1021\"><strong>Formule naturelle : <\/strong>Sans additifs artificiels \u2013 Convient aux r\u00e9gimes v\u00e9g\u00e9tariens \u2013 Origine du safran : France<\/p>\n<p data-start=\"692\" data-end=\"770\"><strong data-start=\"695\" data-end=\"725\">Format pratique en g\u00e9lules<\/strong>, id\u00e9al pour une cure bien-\u00eatre au quotidien.<\/p>\n<p data-start=\"692\" data-end=\"770\"><strong><img loading=\"lazy\" decoding=\"async\" class=\"alignnone wp-image-385\" src=\"https:\/\/safrandenmarre.com\/contact\/wp-content\/uploads\/2025\/05\/BIO-300x175.jpg\" alt=\"\" width=\"105\" height=\"61\" srcset=\"https:\/\/safrandenmarre.com\/contact\/wp-content\/uploads\/2025\/05\/BIO-300x175.jpg 300w, https:\/\/safrandenmarre.com\/contact\/wp-content\/uploads\/2025\/05\/BIO-600x350.jpg 600w, https:\/\/safrandenmarre.com\/contact\/wp-content\/uploads\/2025\/05\/BIO-768x448.jpg 768w, https:\/\/safrandenmarre.com\/contact\/wp-content\/uploads\/2025\/05\/BIO.jpg 909w\" sizes=\"auto, (max-width: 105px) 100vw, 105px\" \/><\/strong><\/p>\n","protected":false},"excerpt":{"rendered":"<p data-start=\"271\" data-end=\"461\">Offrez \u00e0 votre corps et \u00e0 votre esprit le meilleur de la nature avec nos g\u00e9lules <strong data-start=\"369\" data-end=\"389\">Safran &amp; Curcuma Bio<\/strong>.<\/p>\n<p data-start=\"772\" data-end=\"801\"><strong>Bienfaits principaux :<\/strong><\/p>\n<ul>\n<li><span class=\"OYPEnA font-feature-liga-off font-feature-clig-off font-feature-calt-off text-decoration-none text-strikethrough-none\">R\u00e9duit le stress et l\u2019anxi\u00e9t\u00e9<\/span><\/li>\n<li><span class=\"OYPEnA font-feature-liga-off font-feature-clig-off font-feature-calt-off text-decoration-none text-strikethrough-none\">Am\u00e9liore l\u2019humeur<\/span><\/li>\n<li><span class=\"OYPEnA font-feature-liga-off font-feature-clig-off font-feature-calt-off text-decoration-none text-strikethrough-none\">Favorise le bien-\u00eatre \u00e9motionnel<\/span><\/li>\n<li><span class=\"OYPEnA font-feature-liga-off font-feature-clig-off font-feature-calt-off text-decoration-none text-strikethrough-none\">Puissant anti-inflammatoire<\/span><\/li>\n<li><span class=\"OYPEnA font-feature-liga-off font-feature-clig-off font-feature-calt-off text-decoration-none text-strikethrough-none\">Efficace pour traiter le TDAH<\/span><\/li>\n<\/ul>\n<p data-start=\"994\" data-end=\"1021\"><strong>Formule naturelle : <\/strong>Sans additifs artificiels \u2013 Convient aux r\u00e9gimes v\u00e9g\u00e9tariens \u2013 Origine du safran : France<\/p>\n<p data-start=\"692\" data-end=\"770\"><strong data-start=\"695\" data-end=\"725\">Format pratique en g\u00e9lules<\/strong>, id\u00e9al pour une cure bien-\u00eatre au quotidien.<\/p>\n<p data-start=\"692\" data-end=\"770\"><strong><img loading=\"lazy\" decoding=\"async\" class=\"alignnone wp-image-385\" src=\"https:\/\/safrandenmarre.com\/contact\/wp-content\/uploads\/2025\/05\/BIO-300x175.jpg\" alt=\"\" width=\"105\" height=\"61\" srcset=\"https:\/\/safrandenmarre.com\/contact\/wp-content\/uploads\/2025\/05\/BIO-300x175.jpg 300w, https:\/\/safrandenmarre.com\/contact\/wp-content\/uploads\/2025\/05\/BIO-600x350.jpg 600w, https:\/\/safrandenmarre.com\/contact\/wp-content\/uploads\/2025\/05\/BIO-768x448.jpg 768w, https:\/\/safrandenmarre.com\/contact\/wp-content\/uploads\/2025\/05\/BIO.jpg 909w\" sizes=\"auto, (max-width: 105px) 100vw, 105px\" \/><\/strong><\/p>\n","protected":false},"featured_media":396,"comment_status":"open","ping_status":"closed","template":"","meta":{"_monsterinsights_skip_tracking":false,"_monsterinsights_sitenote_active":false,"_monsterinsights_sitenote_note":"","_monsterinsights_sitenote_category":0},"product_brand":[],"product_cat":[73],"product_tag":[],"class_list":{"0":"post-398","1":"product","2":"type-product","3":"status-publish","4":"has-post-thumbnail","6":"product_cat-bien-etre","8":"first","9":"instock","10":"featured","11":"shipping-taxable","12":"purchasable","13":"product-type-simple"},"jetpack_sharing_enabled":true,"_links":{"self":[{"href":"https:\/\/safrandenmarre.com\/contact\/wp-json\/wp\/v2\/product\/398","targetHints":{"allow":["GET"]}}],"collection":[{"href":"https:\/\/safrandenmarre.com\/contact\/wp-json\/wp\/v2\/product"}],"about":[{"href":"https:\/\/safrandenmarre.com\/contact\/wp-json\/wp\/v2\/types\/product"}],"replies":[{"embeddable":true,"href":"https:\/\/safrandenmarre.com\/contact\/wp-json\/wp\/v2\/comments?post=398"}],"wp:featuredmedia":[{"embeddable":true,"href":"https:\/\/safrandenmarre.com\/contact\/wp-json\/wp\/v2\/media\/396"}],"wp:attachment":[{"href":"https:\/\/safrandenmarre.com\/contact\/wp-json\/wp\/v2\/media?parent=398"}],"wp:term":[{"taxonomy":"product_brand","embeddable":true,"href":"https:\/\/safrandenmarre.com\/contact\/wp-json\/wp\/v2\/product_brand?post=398"},{"taxonomy":"product_cat","embeddable":true,"href":"https:\/\/safrandenmarre.com\/contact\/wp-json\/wp\/v2\/product_cat?post=398"},{"taxonomy":"product_tag","embeddable":true,"href":"https:\/\/safrandenmarre.com\/contact\/wp-json\/wp\/v2\/product_tag?post=398"}],"curies":[{"name":"wp","href":"https:\/\/api.w.org\/{rel}","templated":true}]}}